{"id":2402,"date":"2016-10-24T11:56:53","date_gmt":"2016-10-24T08:56:53","guid":{"rendered":"https:\/\/mberg-worklight.muikku.web-veistamo.ficonstruction-site-lighting\/"},"modified":"2019-03-27T16:46:22","modified_gmt":"2019-03-27T14:46:22","slug":"iluminacao-para-canteiro-de-obras","status":"publish","type":"page","link":"https:\/\/mberg-worklight.com\/pt-br\/iluminacao-para-canteiro-de-obras\/","title":{"rendered":"Ilumina\u00e7\u00e3o para canteiro de obras"},"content":{"rendered":"<div class=\"wpb-content-wrapper\"><p>[vc_row][vc_column width=&#8221;1\/3&#8243;][vc_column_text]<img loading=\"lazy\" decoding=\"async\" width=\"72\" height=\"72\" class=\"aligncenter size-full wp-image-342\" src=\"https:\/\/mberg-worklight.com\/wp-content\/uploads\/2016\/10\/impact-en.png\" alt=\"Impact proof\" \/>[\/vc_column_text][vc_tta_accordion style=&#8221;flat&#8221; shape=&#8221;square&#8221; color=&#8221;white&#8221; c_align=&#8221;center&#8221; c_icon=&#8221;chevron&#8221; c_position=&#8221;right&#8221; active_section=&#8221;4&#8243; no_fill=&#8221;true&#8221; collapsible_all=&#8221;true&#8221; css=&#8221;.vc_custom_1475681411956{background-color: #ffffff !important;}&#8221;][vc_tta_section title=&#8221;As lumin\u00e1rias MBerg<sup>\u00ae<\/sup> resistem golpes e quedas&#8221; tab_id=&#8221;1475679561229-755cb23a-24eb&#8221;][vc_column_text]<\/p>\n<p style=\"text-align: center;\">Os componentes dos m\u00f3dulos de LED s\u00e3o pequenos e leves, e n\u00e3o ser\u00e3o afetados por impactos. As luzes de LED n\u00e3o cont\u00eam filamentos ou qualquer tipo de vidro, o que as torna uma fonte de luz extremamente dur\u00e1vel.<\/p>\n<p>[\/vc_column_text][\/vc_tta_section][\/vc_tta_accordion][\/vc_column][vc_column width=&#8221;1\/3&#8243;][vc_column_text]<img loading=\"lazy\" decoding=\"async\" width=\"72\" height=\"72\" class=\"aligncenter size-full wp-image-100\" src=\"https:\/\/mberg-worklight.com\/wp-content\/uploads\/2016\/09\/Asset-2.png\" alt=\"MBerg \u2013 Light for years to come\" \/>[\/vc_column_text][vc_tta_accordion style=&#8221;flat&#8221; shape=&#8221;square&#8221; color=&#8221;white&#8221; c_align=&#8221;center&#8221; c_icon=&#8221;chevron&#8221; c_position=&#8221;right&#8221; active_section=&#8221;4&#8243; no_fill=&#8221;true&#8221; collapsible_all=&#8221;true&#8221;][vc_tta_section title=&#8221;MBerg<sup>\u00ae<\/sup> ilumina para os anos que vir\u00e3o&#8221; tab_id=&#8221;valoa-vuosiksi&#8221;][vc_column_text]<\/p>\n<p style=\"text-align: center;\">Uma luz de LED tem um ciclo de vida de milhares de horas, mais de 35 mil horas, mesmo nas duras condi\u00e7\u00f5es dos canteiros de obras \u2013 isso equivale a muitos anos.<\/p>\n<p>[\/vc_column_text][\/vc_tta_section][\/vc_tta_accordion][\/vc_column][vc_column width=&#8221;1\/3&#8243;][vc_column_text]<img loading=\"lazy\" decoding=\"async\" width=\"71\" height=\"72\" class=\"aligncenter size-full wp-image-101\" src=\"https:\/\/mberg-worklight.com\/wp-content\/uploads\/2016\/09\/Asset-3.png\" alt=\"MBerg \u2013 Easy to stack\" \/>[\/vc_column_text][vc_tta_accordion style=&#8221;flat&#8221; shape=&#8221;square&#8221; color=&#8221;white&#8221; c_align=&#8221;center&#8221; c_icon=&#8221;chevron&#8221; c_position=&#8221;right&#8221; active_section=&#8221;4&#8243; no_fill=&#8221;true&#8221; collapsible_all=&#8221;true&#8221;][vc_tta_section title=&#8221;Lumin\u00e1rias MBerg<sup>\u00ae<\/sup> s\u00e3o f\u00e1ceis de empilhar e de transportar num palete&#8221; tab_id=&#8221;pinottava&#8221;][vc_column_text]<\/p>\n<p style=\"text-align: center;\">As lumin\u00e1rias MBerg<sup>\u00ae<\/sup> foram projetadas para que possam ser empilhadas umas em cimas das outras. Um palete tem espa\u00e7o para mais de 100 lumin\u00e1rias. As quantidades s\u00e3o f\u00e1ceis de ser verificadas num relance, o que facilita a contagem ao entreg\u00e1-las e retorn\u00e1-las. <\/p>\n<p>[\/vc_column_text][\/vc_tta_section][\/vc_tta_accordion][\/vc_column][\/vc_row][vc_row][vc_column width=&#8221;1\/3&#8243;][vc_column_text]<img loading=\"lazy\" decoding=\"async\" width=\"72\" height=\"71\" class=\"aligncenter size-full wp-image-102\" src=\"https:\/\/mberg-worklight.com\/wp-content\/uploads\/2016\/09\/Asset-4.png\" alt=\"MBerg \u2013 Ready to use\" \/>[\/vc_column_text][vc_tta_accordion style=&#8221;flat&#8221; shape=&#8221;square&#8221; color=&#8221;white&#8221; c_align=&#8221;center&#8221; c_icon=&#8221;chevron&#8221; c_position=&#8221;right&#8221; active_section=&#8221;4&#8243; no_fill=&#8221;true&#8221; collapsible_all=&#8221;true&#8221; css=&#8221;.vc_custom_1475679663655{background-color: #ffffff !important;}&#8221;][vc_tta_section title=&#8221;Lumin\u00e1rias MBerg<sup>\u00ae<\/sup> est\u00e3o prontas para uso quando chegam ao canteiro de obras&#8221; tab_id=&#8221;heti-valmiita&#8221;][vc_column_text]<\/p>\n<p style=\"text-align: center;\">Visto que as lumin\u00e1rias MBerg\u00ae suportam o manuseio r\u00edspido, impactos e vibra\u00e7\u00f5es, ap\u00f3s o transporte, tudo que \u00e9 necess\u00e1rio para come\u00e7ar a utiliz\u00e1-las \u00e9 a instala\u00e7\u00e3o. Todas as lumin\u00e1rias est\u00e3o prontas para uso sem necessidade de testes ou trocas de l\u00e2mpadas.<\/p>\n<p>[\/vc_column_text][\/vc_tta_section][\/vc_tta_accordion][\/vc_column][vc_column width=&#8221;1\/3&#8243;][vc_column_text]<img loading=\"lazy\" decoding=\"async\" width=\"72\" height=\"72\" class=\"aligncenter size-full wp-image-103\" src=\"https:\/\/mberg-worklight.com\/wp-content\/uploads\/2016\/09\/Asset-5.png\" alt=\"MBerg \u2013 Plug in for daisy chaining\" \/>[\/vc_column_text][vc_tta_accordion style=&#8221;flat&#8221; shape=&#8221;square&#8221; color=&#8221;white&#8221; c_align=&#8221;center&#8221; c_icon=&#8221;chevron&#8221; c_position=&#8221;right&#8221; active_section=&#8221;4&#8243; no_fill=&#8221;true&#8221; collapsible_all=&#8221;true&#8221;][vc_tta_section title=&#8221;Lumin\u00e1rias MBerg<sup>\u00ae<\/sup> possuem uma tomada para serem ligadas em cadeia margarida ou atrav\u00e9s de um pequena ferramenta manual&#8221; tab_id=&#8221;pistorasia&#8221;][vc_column_text]<\/p>\n<p style=\"text-align: center;\">O modelo de 230 V possui uma tomada 16 A, que foi projetada para ser usada em cadeia margarida com outras lumin\u00e1rias MBerg. A cadeia margarida de lumin\u00e1rias fornece uma ilumina\u00e7\u00e3o boa e uniforme para os canteiros de obras.<\/p>\n<p>[\/vc_column_text][\/vc_tta_section][\/vc_tta_accordion][\/vc_column][vc_column width=&#8221;1\/3&#8243;][vc_column_text]<img loading=\"lazy\" decoding=\"async\" width=\"72\" height=\"72\" class=\"aligncenter size-full wp-image-104\" src=\"https:\/\/mberg-worklight.com\/wp-content\/uploads\/2016\/09\/Asset-6.png\" alt=\"MBerg \u2013 Energy efficient\" \/>[\/vc_column_text][vc_tta_accordion style=&#8221;flat&#8221; shape=&#8221;square&#8221; color=&#8221;white&#8221; c_align=&#8221;center&#8221; c_icon=&#8221;chevron&#8221; c_position=&#8221;right&#8221; active_section=&#8221;4&#8243; no_fill=&#8221;true&#8221; collapsible_all=&#8221;true&#8221;][vc_tta_section title=&#8221;MBerg<sup>\u00ae<\/sup> economiza energia&#8221; tab_id=&#8221;energiatehokas&#8221;][vc_column_text]<\/p>\n<p style=\"text-align: center;\">O consumo de energia das lumin\u00e1rias \u00e9 de apenas 21-24 W, dependendo do modelo: at\u00e9 70% menos do que as l\u00e2mpadas fluorescentes. Al\u00e9m dos custos de energia mais baixos, as se\u00e7\u00f5es transversais de cabos e os quadros de distribui\u00e7\u00e3o de energia menores tamb\u00e9m proporcionam economia.<\/p>\n<p>[\/vc_column_text][\/vc_tta_section][\/vc_tta_accordion][\/vc_column][\/vc_row][vc_row][vc_column width=&#8221;1\/3&#8243;][vc_column_text]<img loading=\"lazy\" decoding=\"async\" width=\"72\" height=\"72\" class=\"aligncenter size-full wp-image-343\" src=\"https:\/\/mberg-worklight.com\/wp-content\/uploads\/2016\/10\/ledmodule-en.png\" alt=\"MBerg \u2013 No need to replace bulbs\" \/>[\/vc_column_text][vc_tta_accordion style=&#8221;flat&#8221; shape=&#8221;square&#8221; color=&#8221;white&#8221; c_align=&#8221;center&#8221; c_icon=&#8221;chevron&#8221; c_position=&#8221;right&#8221; active_section=&#8221;4&#8243; no_fill=&#8221;true&#8221; collapsible_all=&#8221;true&#8221; css=&#8221;.vc_custom_1475679663655{background-color: #ffffff !important;}&#8221;][vc_tta_section title=&#8221;Lumin\u00e1rias MBerg<sup>\u00ae<\/sup> n\u00e3o precisam trocar de l\u00e2mpada&#8221; tab_id=&#8221;ei-lampunvaihtoa&#8221;][vc_column_text]<\/p>\n<p style=\"text-align: center;\">Os m\u00f3dulos de LED s\u00e3o dur\u00e1veis e possuem um longo ciclo de vida que n\u00e3o demandam a troca das l\u00e2mpadas. Voc\u00ea pode esquecer as trocas de l\u00e2mpadas caras, demoradas, e a manuten\u00e7\u00e3o, enquanto ser\u00e1 melhorada a seguran\u00e7a nos canteiros de obras.<\/p>\n<p>[\/vc_column_text][\/vc_tta_section][\/vc_tta_accordion][\/vc_column][vc_column width=&#8221;1\/3&#8243;][vc_column_text]<img loading=\"lazy\" decoding=\"async\" width=\"72\" height=\"72\" class=\"aligncenter size-full wp-image-106\" src=\"https:\/\/mberg-worklight.com\/wp-content\/uploads\/2016\/09\/Asset-8.png\" alt=\"MBerg \u2013 Lumin\u00e1rias MBerg\u00ae n\u00e3o esquentam\" \/>[\/vc_column_text][vc_tta_accordion style=&#8221;flat&#8221; shape=&#8221;square&#8221; color=&#8221;white&#8221; c_align=&#8221;center&#8221; c_icon=&#8221;chevron&#8221; c_position=&#8221;right&#8221; active_section=&#8221;4&#8243; no_fill=&#8221;true&#8221; collapsible_all=&#8221;true&#8221;][vc_tta_section title=&#8221;Lumin\u00e1rias MBerg<sup>\u00ae<\/sup> n\u00e3o esquentam&#8221; tab_id=&#8221;ei-kuumene&#8221;][vc_column_text]<\/p>\n<p style=\"text-align: center;\">A lumin\u00e1ria MBerg n\u00e3o esquenta, portanto n\u00e3o tem risco de pegar fogo, mesmo quando viram ou caem. As lumin\u00e1rias s\u00e3o feitas de um pl\u00e1stico especial auto-extingu\u00edvel, o que significa que n\u00e3o s\u00e3o condutoras el\u00e9tricas.<\/p>\n<p>[\/vc_column_text][\/vc_tta_section][\/vc_tta_accordion][\/vc_column][vc_column width=&#8221;1\/3&#8243;][vc_column_text]<img loading=\"lazy\" decoding=\"async\" width=\"72\" height=\"72\" class=\"aligncenter size-full wp-image-107\" src=\"https:\/\/mberg-worklight.com\/wp-content\/uploads\/2016\/09\/Asset-9.png\" alt=\"MBerg \u2013 Lumin\u00e1rias MBerg\u00ae podem ser protegidas por uma bolsa protetora durante pinturas\" \/>[\/vc_column_text][vc_tta_accordion style=&#8221;flat&#8221; shape=&#8221;square&#8221; color=&#8221;white&#8221; c_align=&#8221;center&#8221; c_icon=&#8221;chevron&#8221; c_position=&#8221;right&#8221; active_section=&#8221;4&#8243; no_fill=&#8221;true&#8221; collapsible_all=&#8221;true&#8221;][vc_tta_section title=&#8221;Lumin\u00e1rias MBerg<sup>\u00ae<\/sup> podem ser protegidas por uma bolsa protetora durante pinturas&#8221; tab_id=&#8221;suojapussit&#8221;][vc_column_text]<\/p>\n<p style=\"text-align: center;\">Visto que as lumin\u00e1rias MBerg n\u00e3o esquentam como as l\u00e2mpadas de halog\u00eanio ou outras fontes de luz, elas podem ser protegidas com seguran\u00e7a da tinta ou de respingos por uma bolsa protetora.<\/p>\n<p>[\/vc_column_text][\/vc_tta_section][\/vc_tta_accordion][\/vc_column][\/vc_row][vc_row][vc_column][vc_empty_space][\/vc_column][\/vc_row][vc_row][vc_column width=&#8221;1\/3&#8243;][vc_column_text]<\/p>\n<h3><span lang=\"pt-BR\">Lumin\u00e1rias MBerg\u00ae de 48 V para canteiros de obras<\/span><\/h3>\n<p><span lang=\"pt-BR\">Lumin\u00e1rias LED de baix\u00edssima tens\u00e3o (SELV) para canteiros de obras para serem usadas com um transformador Valmu de 48 V. Sistema de ilumina\u00e7\u00e3o confi\u00e1vel e seguro.<\/span><\/p>\n<p><img loading=\"lazy\" decoding=\"async\" width=\"1000\" height=\"1000\" class=\"alignnone size-full wp-image-1901\" src=\"https:\/\/mberg-worklight.com\/wp-content\/uploads\/2018\/07\/Uusi_matala_Mberg_48V_sininen_sininen.jpg\" alt=\"\" srcset=\"https:\/\/mberg-worklight.com\/wp-content\/uploads\/2018\/07\/Uusi_matala_Mberg_48V_sininen_sininen.jpg 1000w, https:\/\/mberg-worklight.com\/wp-content\/uploads\/2018\/07\/Uusi_matala_Mberg_48V_sininen_sininen-150x150.jpg 150w, https:\/\/mberg-worklight.com\/wp-content\/uploads\/2018\/07\/Uusi_matala_Mberg_48V_sininen_sininen-250x250.jpg 250w, https:\/\/mberg-worklight.com\/wp-content\/uploads\/2018\/07\/Uusi_matala_Mberg_48V_sininen_sininen-768x768.jpg 768w, https:\/\/mberg-worklight.com\/wp-content\/uploads\/2018\/07\/Uusi_matala_Mberg_48V_sininen_sininen-700x700.jpg 700w, https:\/\/mberg-worklight.com\/wp-content\/uploads\/2018\/07\/Uusi_matala_Mberg_48V_sininen_sininen-120x120.jpg 120w\" sizes=\"auto, (max-width: 1000px) 100vw, 1000px\" \/>[\/vc_column_text][vc_tta_tabs style=&#8221;outline&#8221; shape=&#8221;square&#8221; color=&#8221;orange&#8221; spacing=&#8221;&#8221; active_section=&#8221;1&#8243;][vc_tta_section title=&#8221;Dados t\u00e9cnicos&#8221; tab_id=&#8221;1475216652990-0db951fb-8290&#8243;][vc_column_text]<\/p>\n<div class=\"field field-name-field-technical-details field-type-field-collection field-label-hidden\">\n<div class=\"field-collection-view clearfix view-mode-full\">\n<div class=\"entity entity-field-collection-item field-collection-item-field-technical-details clearfix\">\n<div class=\"content\">\n<div class=\"field field-name-field-label field-type-text field-label-hidden\">Voltagem<\/div>\n<div class=\"field field-name-field-value field-type-text field-label-hidden\">48 V AC\/DC<\/div>\n<\/div>\n<\/div>\n<\/div>\n<div class=\"field-collection-view clearfix view-mode-full\">\n<div class=\"entity entity-field-collection-item field-collection-item-field-technical-details clearfix\">\n<div class=\"content\">\n<div class=\"field field-name-field-label field-type-text field-label-hidden\">Pot\u00eancia<\/div>\n<div class=\"field field-name-field-value field-type-text field-label-hidden\">21 W<\/div>\n<\/div>\n<\/div>\n<\/div>\n<div class=\"field-collection-view clearfix view-mode-full\">\n<div class=\"entity entity-field-collection-item field-collection-item-field-technical-details clearfix\">\n<div class=\"content\">\n<div class=\"field field-name-field-label field-type-text field-label-hidden\">Fonte de luz<\/div>\n<div class=\"field field-name-field-value field-type-text field-label-hidden\">M\u00f3dulo LED<\/div>\n<\/div>\n<\/div>\n<\/div>\n<div class=\"field-collection-view clearfix view-mode-full\">\n<div class=\"entity entity-field-collection-item field-collection-item-field-technical-details clearfix\">\n<div class=\"content\">\n<div class=\"field field-name-field-label field-type-text field-label-hidden\">Sa\u00edda de luz<\/div>\n<div class=\"field field-name-field-value field-type-text field-label-hidden\">2,000 lm<\/div>\n<\/div>\n<\/div>\n<\/div>\n<div class=\"field-collection-view clearfix view-mode-full\">\n<div class=\"entity entity-field-collection-item field-collection-item-field-technical-details clearfix\">\n<div class=\"content\">\n<div class=\"field field-name-field-label field-type-text field-label-hidden\">Temperatura da cor<\/div>\n<div class=\"field field-name-field-value field-type-text field-label-hidden\">5,000 K<\/div>\n<\/div>\n<\/div>\n<\/div>\n<div class=\"field-collection-view clearfix view-mode-full\">\n<div class=\"entity entity-field-collection-item field-collection-item-field-technical-details clearfix\">\n<div class=\"content\">\n<div class=\"field field-name-field-label field-type-text field-label-hidden\">Peso<\/div>\n<div class=\"field field-name-field-value field-type-text field-label-hidden\">0,85 kg<\/div>\n<\/div>\n<\/div>\n<\/div>\n<div class=\"field-collection-view clearfix view-mode-full\">\n<div class=\"entity entity-field-collection-item field-collection-item-field-technical-details clearfix\">\n<div class=\"content\">\n<div class=\"field field-name-field-label field-type-text field-label-hidden\">Grau de Prote\u00e7\u00e3o IP<\/div>\n<div class=\"field field-name-field-value field-type-text field-label-hidden\">IP54<\/div>\n<\/div>\n<\/div>\n<\/div>\n<div class=\"field-collection-view clearfix view-mode-full\">\n<div class=\"entity entity-field-collection-item field-collection-item-field-technical-details clearfix\">\n<div class=\"content\">\n<div class=\"field field-name-field-label field-type-text field-label-hidden\">Garantia<\/div>\n<div class=\"field field-name-field-value field-type-text field-label-hidden\">2 anos<\/div>\n<\/div>\n<\/div>\n<\/div>\n<div class=\"field-collection-view clearfix view-mode-full\">\n<div class=\"entity entity-field-collection-item field-collection-item-field-technical-details clearfix\">\n<div class=\"content\">\n<div class=\"field field-name-field-label field-type-text field-label-hidden\">Cabo de Conex\u00e3o<\/div>\n<div class=\"field field-name-field-value field-type-text field-label-hidden\">2 x 1.5 mm2<\/div>\n<\/div>\n<\/div>\n<\/div>\n<div class=\"field-collection-view clearfix view-mode-full field-collection-view-final\">\n<div class=\"entity entity-field-collection-item field-collection-item-field-technical-details clearfix\">\n<div class=\"content\">\n<div class=\"field field-name-field-label field-type-text field-label-hidden\">Comprimento do cabo de conex\u00e3o<\/div>\n<div class=\"field field-name-field-value field-type-text field-label-hidden\">1.5 m<\/div>\n<div class=\"field-collection-view clearfix view-mode-full\">\n<div class=\"entity entity-field-collection-item field-collection-item-field-technical-details clearfix\">\n<div class=\"content\">\n<div class=\"field field-name-field-label field-type-text field-label-hidden\">Medidas<\/div>\n<div class=\"field field-name-field-value field-type-text field-label-hidden\">19 x 21 x 21 cm<\/div>\n<\/div>\n<\/div>\n<\/div>\n<\/div>\n<\/div>\n<\/div>\n<\/div>\n<p>[\/vc_column_text][\/vc_tta_section][vc_tta_section title=&#8221;Produtos relacionados&#8221; tab_id=&#8221;1475216653010-fa7681f0-a4eb&#8221;][vc_column_text]<\/p>\n<div id=\"block-views-peripheral_equipment-block\" class=\"block block-views block-odd first clearfix\">\n<div class=\"views-row views-row-1 views-row-odd views-row-first\">\n<div class=\"views-field views-field-field-product-images\">\n<div class=\"field-content\"><img decoding=\"async\" title=\"Valmu transformer\" src=\"https:\/\/mberg-worklight.com\/wp-content\/uploads\/2018\/12\/seinakannake_web-150x150.jpg\" alt=\"Valmu transformer\" \/><\/div>\n<\/div>\n<div class=\"views-field views-field-title\"><span class=\"field-content\">Transformer VALMU 1500 VA<\/span><\/div>\n<\/div>\n<div class=\"views-row views-row-2 views-row-even\">\n<div class=\"views-field views-field-field-product-images\">\n<div class=\"field-content\"><img decoding=\"async\" title=\"Flat terminal\" src=\"https:\/\/mberg-worklight.com\/wp-content\/uploads\/2018\/12\/lattaliitin-150x150.jpg\" alt=\"Flat terminal\" \/><\/div>\n<\/div>\n<div class=\"views-field views-field-title\"><span class=\"field-content\">Flat terminal<\/span><\/div>\n<\/div>\n<div class=\"views-row views-row-3 views-row-odd\">\n<div class=\"views-field views-field-field-product-images\">\n<div class=\"field-content\"><img decoding=\"async\" title=\"Flat pliers\" src=\"https:\/\/mberg-worklight.com\/wp-content\/uploads\/2018\/12\/lattapihdit-150x150.jpg\" alt=\"Flat pliers\" \/><\/div>\n<\/div>\n<div class=\"views-field views-field-title\"><span class=\"field-content\">Flat pliers<\/span><\/div>\n<\/div>\n<div class=\"views-row views-row-4 views-row-even views-row-last\">\n<div class=\"views-field views-field-field-product-images\"><\/div>\n<div class=\"views-field views-field-title\"><span class=\"field-content\">Suspension hook Nylon<\/span><\/div>\n<\/div>\n<\/div>\n<p>[\/vc_column_text][\/vc_tta_section][\/vc_tta_tabs][\/vc_column][vc_column width=&#8221;1\/3&#8243;][vc_column_text]<\/p>\n<h3><span lang=\"pt-BR\">MBerg\u00ae 48 V com bateria reserva<\/span><\/h3>\n<p><span lang=\"pt-BR\">Uma lumin\u00e1ria LED que em condi\u00e7\u00f5es normais funciona como a MBerg 48V padr\u00e3o e durante quedas de energia alterna automaticamente para o uso da bateria.<\/span><\/p>\n<p><img loading=\"lazy\" decoding=\"async\" width=\"1000\" height=\"1000\" class=\"alignnone size-full wp-image-2323\" src=\"https:\/\/mberg-worklight.com\/wp-content\/uploads\/2019\/02\/Uusi_matala_Mberg_48V_turva_vihrea\u0308_vihrea\u0308.jpg\" alt=\"\" srcset=\"https:\/\/mberg-worklight.com\/wp-content\/uploads\/2019\/02\/Uusi_matala_Mberg_48V_turva_vihrea\u0308_vihrea\u0308.jpg 1000w, https:\/\/mberg-worklight.com\/wp-content\/uploads\/2019\/02\/Uusi_matala_Mberg_48V_turva_vihrea\u0308_vihrea\u0308-150x150.jpg 150w, https:\/\/mberg-worklight.com\/wp-content\/uploads\/2019\/02\/Uusi_matala_Mberg_48V_turva_vihrea\u0308_vihrea\u0308-250x250.jpg 250w, https:\/\/mberg-worklight.com\/wp-content\/uploads\/2019\/02\/Uusi_matala_Mberg_48V_turva_vihrea\u0308_vihrea\u0308-768x768.jpg 768w, https:\/\/mberg-worklight.com\/wp-content\/uploads\/2019\/02\/Uusi_matala_Mberg_48V_turva_vihrea\u0308_vihrea\u0308-700x700.jpg 700w, https:\/\/mberg-worklight.com\/wp-content\/uploads\/2019\/02\/Uusi_matala_Mberg_48V_turva_vihrea\u0308_vihrea\u0308-120x120.jpg 120w\" sizes=\"auto, (max-width: 1000px) 100vw, 1000px\" \/>[\/vc_column_text][vc_tta_tabs style=&#8221;outline&#8221; shape=&#8221;square&#8221; color=&#8221;orange&#8221; spacing=&#8221;&#8221; active_section=&#8221;1&#8243;][vc_tta_section title=&#8221;Dados t\u00e9cnicos&#8221; tab_id=&#8221;tekniset-tiedot-1235&#8243;][vc_column_text]<\/p>\n<div class=\"field field-name-field-technical-details field-type-field-collection field-label-hidden\">\n<div class=\"field-collection-view clearfix view-mode-full\">\n<div class=\"entity entity-field-collection-item field-collection-item-field-technical-details clearfix\">\n<div class=\"content\">\n<div class=\"field field-name-field-label field-type-text field-label-hidden\">Voltagem<\/div>\n<div class=\"field field-name-field-value field-type-text field-label-hidden\">48 V AC\/DC<\/div>\n<\/div>\n<\/div>\n<\/div>\n<div class=\"field-collection-view clearfix view-mode-full\">\n<div class=\"entity entity-field-collection-item field-collection-item-field-technical-details clearfix\">\n<div class=\"content\">\n<div class=\"field field-name-field-label field-type-text field-label-hidden\">Pot\u00eancia<\/div>\n<div class=\"field field-name-field-value field-type-text field-label-hidden\">21 W<\/div>\n<\/div>\n<\/div>\n<\/div>\n<div class=\"field-collection-view clearfix view-mode-full\">\n<div class=\"entity entity-field-collection-item field-collection-item-field-technical-details clearfix\">\n<div class=\"content\">\n<div class=\"field field-name-field-label field-type-text field-label-hidden\">Fonte de luz<\/div>\n<div class=\"field field-name-field-value field-type-text field-label-hidden\">M\u00f3dulo LED<\/div>\n<\/div>\n<\/div>\n<\/div>\n<div class=\"field-collection-view clearfix view-mode-full\">\n<div class=\"entity entity-field-collection-item field-collection-item-field-technical-details clearfix\">\n<div class=\"content\">\n<div class=\"field field-name-field-label field-type-text field-label-hidden\">Sa\u00edda de luz<\/div>\n<div class=\"field field-name-field-value field-type-text field-label-hidden\">2,000 lm<\/div>\n<\/div>\n<\/div>\n<\/div>\n<div class=\"field-collection-view clearfix view-mode-full\">\n<div class=\"entity entity-field-collection-item field-collection-item-field-technical-details clearfix\">\n<div class=\"content\">\n<div class=\"field field-name-field-label field-type-text field-label-hidden\">Temperatura da cor<\/div>\n<div class=\"field field-name-field-value field-type-text field-label-hidden\">5,000 K<\/div>\n<\/div>\n<\/div>\n<\/div>\n<div class=\"field-collection-view clearfix view-mode-full\">\n<div class=\"entity entity-field-collection-item field-collection-item-field-technical-details clearfix\">\n<div class=\"content\">\n<div class=\"field field-name-field-label field-type-text field-label-hidden\">Peso<\/div>\n<div class=\"field field-name-field-value field-type-text field-label-hidden\">0,98 kg<\/div>\n<\/div>\n<\/div>\n<\/div>\n<div class=\"field-collection-view clearfix view-mode-full\">\n<div class=\"entity entity-field-collection-item field-collection-item-field-technical-details clearfix\">\n<div class=\"content\">\n<div class=\"field field-name-field-label field-type-text field-label-hidden\">Grau de Prote\u00e7\u00e3o IP<\/div>\n<div class=\"field field-name-field-value field-type-text field-label-hidden\">IP44<\/div>\n<\/div>\n<\/div>\n<\/div>\n<div class=\"field-collection-view clearfix view-mode-full\">\n<div class=\"entity entity-field-collection-item field-collection-item-field-technical-details clearfix\">\n<div class=\"content\">\n<div class=\"field field-name-field-label field-type-text field-label-hidden\">Garantia<\/div>\n<div class=\"field field-name-field-value field-type-text field-label-hidden\">2 anos<\/div>\n<\/div>\n<\/div>\n<\/div>\n<div class=\"field-collection-view clearfix view-mode-full\">\n<div class=\"entity entity-field-collection-item field-collection-item-field-technical-details clearfix\">\n<div class=\"content\">\n<div class=\"field field-name-field-label field-type-text field-label-hidden\">Bateria<\/div>\n<div class=\"field field-name-field-value field-type-text field-label-hidden\">2,600 mAh l\u00edtio<\/div>\n<\/div>\n<\/div>\n<\/div>\n<div class=\"field-collection-view clearfix view-mode-full\">\n<div class=\"entity entity-field-collection-item field-collection-item-field-technical-details clearfix\">\n<div class=\"content\">\n<div class=\"field field-name-field-label field-type-text field-label-hidden\">Tempo de Opera\u00e7\u00e3o da Bateria<\/div>\n<div class=\"field field-name-field-value field-type-text field-label-hidden\">30 + 30 min<\/div>\n<\/div>\n<\/div>\n<\/div>\n<div class=\"field-collection-view clearfix view-mode-full\">\n<div class=\"entity entity-field-collection-item field-collection-item-field-technical-details clearfix\">\n<div class=\"content\">\n<div class=\"field field-name-field-label field-type-text field-label-hidden\">Tempo de Recarga<\/div>\n<div class=\"field field-name-field-value field-type-text field-label-hidden\">8 h<\/div>\n<\/div>\n<\/div>\n<\/div>\n<div class=\"field-collection-view clearfix view-mode-full\">\n<div class=\"entity entity-field-collection-item field-collection-item-field-technical-details clearfix\">\n<div class=\"content\">\n<div class=\"field field-name-field-label field-type-text field-label-hidden\">Cabo<\/div>\n<div class=\"field field-name-field-value field-type-text field-label-hidden\">2 x 1.5 mm2<\/div>\n<\/div>\n<\/div>\n<\/div>\n<div class=\"field-collection-view clearfix view-mode-full field-collection-view-final\">\n<div class=\"entity entity-field-collection-item field-collection-item-field-technical-details clearfix\">\n<div class=\"content\">\n<div class=\"field field-name-field-label field-type-text field-label-hidden\">Comprimento do cabo de conex\u00e3o<\/div>\n<div class=\"field field-name-field-value field-type-text field-label-hidden\">1.5 m<\/div>\n<\/div>\n<\/div>\n<\/div>\n<\/div>\n<div class=\"field-collection-view clearfix view-mode-full field-collection-view-final\">\n<div class=\"entity entity-field-collection-item field-collection-item-field-technical-details clearfix\">\n<div class=\"content\">\n<div class=\"field field-name-field-label field-type-text field-label-hidden\">Medidas<\/div>\n<div class=\"field field-name-field-value field-type-text field-label-hidden\">19 x 21 x 21 cm<\/div>\n<\/div>\n<\/div>\n<\/div>\n<p>[\/vc_column_text][\/vc_tta_section][vc_tta_section title=&#8221;Produtos relacionados&#8221; tab_id=&#8221;1474972097791-0600a5b6-5d0a&#8221;][vc_column_text]<\/p>\n<div class=\"views-row views-row-1 views-row-odd views-row-first views-row-last\">\n<div class=\"views-field views-field-field-product-images\"><\/div>\n<div class=\"views-field views-field-title\"><span class=\"field-content\"><img loading=\"lazy\" decoding=\"async\" width=\"130\" height=\"130\" class=\"alignnone size-full wp-image-1973\" src=\"https:\/\/mberg-worklight.com\/wp-content\/uploads\/2018\/07\/Uusi_matala_Mberg_48V_sininen_130px.png\" alt=\"Lumin\u00e1rias MBerg\u00ae de 48 V para canteiros de obras\" srcset=\"https:\/\/mberg-worklight.com\/wp-content\/uploads\/2018\/07\/Uusi_matala_Mberg_48V_sininen_130px.png 130w, https:\/\/mberg-worklight.com\/wp-content\/uploads\/2018\/07\/Uusi_matala_Mberg_48V_sininen_130px-120x120.png 120w\" sizes=\"auto, (max-width: 130px) 100vw, 130px\" \/>Lumin\u00e1rias MBerg<sup>\u00ae<\/sup> de 48 V para canteiros de obras<\/span><\/div>\n<\/div>\n<p>[\/vc_column_text][\/vc_tta_section][\/vc_tta_tabs][\/vc_column][vc_column width=&#8221;1\/3&#8243;][vc_column_text]<\/p>\n<h3>Lumin\u00e1ria MBerg<sup>\u00ae<\/sup> de 230 V para canteiros de obras<\/h3>\n<p>Uma lumin\u00e1ria LED com tomada que pode ser ligada em cadeia margarida at\u00e9 50 unidades. Dispon\u00edveis em tomadas F e E.<\/p>\n<div id=\"cboxLoadedContent\"><a href=\"https:\/\/mberg-worklight.com\/wp-content\/uploads\/2018\/12\/mg_0279_2.jpg\"><img loading=\"lazy\" decoding=\"async\" width=\"1000\" height=\"1000\" class=\"alignnone size-full wp-image-2331\" src=\"https:\/\/mberg-worklight.com\/wp-content\/uploads\/2019\/02\/Uusi_matala_Mberg_230V_oranssi_oranssi.jpg\" alt=\"\" srcset=\"https:\/\/mberg-worklight.com\/wp-content\/uploads\/2019\/02\/Uusi_matala_Mberg_230V_oranssi_oranssi.jpg 1000w, https:\/\/mberg-worklight.com\/wp-content\/uploads\/2019\/02\/Uusi_matala_Mberg_230V_oranssi_oranssi-150x150.jpg 150w, https:\/\/mberg-worklight.com\/wp-content\/uploads\/2019\/02\/Uusi_matala_Mberg_230V_oranssi_oranssi-250x250.jpg 250w, https:\/\/mberg-worklight.com\/wp-content\/uploads\/2019\/02\/Uusi_matala_Mberg_230V_oranssi_oranssi-768x768.jpg 768w, https:\/\/mberg-worklight.com\/wp-content\/uploads\/2019\/02\/Uusi_matala_Mberg_230V_oranssi_oranssi-700x700.jpg 700w, https:\/\/mberg-worklight.com\/wp-content\/uploads\/2019\/02\/Uusi_matala_Mberg_230V_oranssi_oranssi-120x120.jpg 120w\" sizes=\"auto, (max-width: 1000px) 100vw, 1000px\" \/><\/a><\/div>\n<p>[\/vc_column_text][vc_tta_tabs style=&#8221;outline&#8221; shape=&#8221;square&#8221; color=&#8221;orange&#8221; spacing=&#8221;&#8221; active_section=&#8221;1&#8243;][vc_tta_section title=&#8221;Dados t\u00e9cnicos&#8221; tab_id=&#8221;1475216682039-0f0e18c2-0741&#8243;][vc_column_text]<\/p>\n<div class=\"field field-name-field-technical-details field-type-field-collection field-label-hidden\">\n<div class=\"field-collection-view clearfix view-mode-full\">\n<div class=\"entity entity-field-collection-item field-collection-item-field-technical-details clearfix\">\n<div class=\"content\">\n<div class=\"field field-name-field-label field-type-text field-label-hidden\">Voltagem<\/div>\n<div class=\"field field-name-field-value field-type-text field-label-hidden\">220-240 VAC 50 Hz<\/div>\n<\/div>\n<\/div>\n<\/div>\n<div class=\"field-collection-view clearfix view-mode-full\">\n<div class=\"entity entity-field-collection-item field-collection-item-field-technical-details clearfix\">\n<div class=\"content\">\n<div class=\"field field-name-field-label field-type-text field-label-hidden\">Pot\u00eancia<\/div>\n<div class=\"field field-name-field-value field-type-text field-label-hidden\">24 W<\/div>\n<\/div>\n<\/div>\n<\/div>\n<div class=\"field-collection-view clearfix view-mode-full\">\n<div class=\"entity entity-field-collection-item field-collection-item-field-technical-details clearfix\">\n<div class=\"content\">\n<div class=\"field field-name-field-label field-type-text field-label-hidden\">Fonte de luz<\/div>\n<div class=\"field field-name-field-value field-type-text field-label-hidden\">M\u00f3dulo LED<\/div>\n<\/div>\n<\/div>\n<\/div>\n<div class=\"field-collection-view clearfix view-mode-full\">\n<div class=\"entity entity-field-collection-item field-collection-item-field-technical-details clearfix\">\n<div class=\"content\">\n<div class=\"field field-name-field-label field-type-text field-label-hidden\">Sa\u00edda de luz<\/div>\n<div class=\"field field-name-field-value field-type-text field-label-hidden\">2,450 lm<\/div>\n<\/div>\n<\/div>\n<\/div>\n<div class=\"field-collection-view clearfix view-mode-full\">\n<div class=\"entity entity-field-collection-item field-collection-item-field-technical-details clearfix\">\n<div class=\"content\">\n<div class=\"field field-name-field-label field-type-text field-label-hidden\">Temperatura da cor<\/div>\n<div class=\"field field-name-field-value field-type-text field-label-hidden\">5,000 K<\/div>\n<\/div>\n<\/div>\n<\/div>\n<div class=\"field-collection-view clearfix view-mode-full\">\n<div class=\"entity entity-field-collection-item field-collection-item-field-technical-details clearfix\">\n<div class=\"content\">\n<div class=\"field field-name-field-label field-type-text field-label-hidden\">Cabo de Conex\u00e3o<\/div>\n<div class=\"field field-name-field-value field-type-text field-label-hidden\">3 x 1.5 mm2 H07RN-F<\/div>\n<\/div>\n<\/div>\n<\/div>\n<div class=\"field-collection-view clearfix view-mode-full field-collection-view-final\">\n<div class=\"entity entity-field-collection-item field-collection-item-field-technical-details clearfix\">\n<div class=\"content\">\n<div class=\"field field-name-field-label field-type-text field-label-hidden\">Comprimento do cabo de conex\u00e3o<\/div>\n<div class=\"field field-name-field-value field-type-text field-label-hidden\">6\u00a0m<\/div>\n<\/div>\n<\/div>\n<\/div>\n<div class=\"field-collection-view clearfix view-mode-full field-collection-view-final\">\n<div class=\"entity entity-field-collection-item field-collection-item-field-technical-details clearfix\">\n<div class=\"content\">\n<div class=\"field field-name-field-label field-type-text field-label-hidden\">Peso<\/div>\n<div class=\"field field-name-field-value field-type-text field-label-hidden\">1,7 kg<\/div>\n<\/div>\n<\/div>\n<\/div>\n<div class=\"field-collection-view clearfix view-mode-full field-collection-view-final\">\n<div class=\"entity entity-field-collection-item field-collection-item-field-technical-details clearfix\">\n<div class=\"content\">\n<div class=\"field field-name-field-label field-type-text field-label-hidden\">Garantia<\/div>\n<div class=\"field field-name-field-value field-type-text field-label-hidden\">2 anos<\/div>\n<\/div>\n<\/div>\n<\/div>\n<div class=\"field-collection-view clearfix view-mode-full field-collection-view-final\">\n<div class=\"entity entity-field-collection-item field-collection-item-field-technical-details clearfix\">\n<div class=\"content\">\n<div class=\"field field-name-field-label field-type-text field-label-hidden\">Grau de Prote\u00e7\u00e3o IP<\/div>\n<div class=\"field field-name-field-value field-type-text field-label-hidden\">IP54<\/div>\n<\/div>\n<\/div>\n<\/div>\n<\/div>\n<div class=\"field-collection-view clearfix view-mode-full field-collection-view-final\">\n<div class=\"entity entity-field-collection-item field-collection-item-field-technical-details clearfix\">\n<div class=\"content\">\n<div class=\"field field-name-field-label field-type-text field-label-hidden\">Medidas<\/div>\n<div class=\"field field-name-field-value field-type-text field-label-hidden\">22 x 21 x 21 cm<\/div>\n<\/div>\n<\/div>\n<\/div>\n<p>[\/vc_column_text][\/vc_tta_section][\/vc_tta_tabs][\/vc_column][\/vc_row]<\/p>\n<\/div>","protected":false},"excerpt":{"rendered":"[vc_row][vc_column width=&#8221;1\/3&#8243;][vc_column_text][\/vc_column_text][vc_tta_accordion style=&#8221;flat&#8221; shape=&#8221;square&#8221; color=&#8221;white&#8221; c_align=&#8221;center&#8221; c_icon=&#8221;chevron&#8221; c_position=&#8221;right&#8221; active_section=&#8221;4&#8243; no_fill=&#8221;true&#8221; collapsible_all=&#8221;true&#8221; css=&#8221;.vc_custom_1475681411956{background-color: #ffffff !important;}&#8221;][vc_tta_section title=&#8221;As lumin\u00e1rias MBerg\u00ae resistem golpes e quedas&#8221; tab_id=&#8221;1475679561229-755cb23a-24eb&#8221;][vc_column_text] Os componentes dos m\u00f3dulos de LED s\u00e3o pequenos e leves, e n\u00e3o ser\u00e3o afetados por impactos. As luzes de LED n\u00e3o cont\u00eam filamentos ou qualquer tipo de vidro, o que as torna uma&#8230; <a class=\"view-article\" href=\"https:\/\/mberg-worklight.com\/pt-br\/iluminacao-para-canteiro-de-obras\/\">View Article<\/a>","protected":false},"author":3,"featured_media":2404,"parent":0,"menu_order":5,"comment_status":"closed","ping_status":"closed","template":"page-matala.php","meta":{"_acf_changed":false,"footnotes":""},"class_list":["post-2402","page","type-page","status-publish","has-post-thumbnail","hentry"],"acf":[],"yoast_head":"<!-- This site is optimized with the Yoast SEO plugin v27.4 - https:\/\/yoast.com\/product\/yoast-seo-wordpress\/ -->\n<title>Ilumina\u00e7\u00e3o para canteiro de obras \u2013 MBerg<\/title>\n<meta name=\"description\" content=\"Ilumina\u00e7\u00e3o tempor\u00e1ria para canteiros de obras sem preocupa\u00e7\u00e3o e confi\u00e1vel\" \/>\n<meta name=\"robots\" content=\"index, follow, max-snippet:-1, max-image-preview:large, max-video-preview:-1\" \/>\n<link rel=\"canonical\" href=\"https:\/\/mberg-worklight.compt-br\/iluminacao-para-canteiro-de-obras\/\" \/>\n<meta property=\"og:locale\" content=\"pt_BR\" \/>\n<meta property=\"og:type\" content=\"article\" \/>\n<meta property=\"og:title\" content=\"The most robust LED light for construction sites\" \/>\n<meta property=\"og:description\" content=\"Reliable and robust lights for any construction site\" \/>\n<meta property=\"og:url\" content=\"https:\/\/mberg-worklight.compt-br\/iluminacao-para-canteiro-de-obras\/\" \/>\n<meta property=\"og:site_name\" content=\"MBerg\u00ae-worklight (TSR | ELSITE)\" \/>\n<meta property=\"article:publisher\" content=\"https:\/\/www.facebook.com\/elsitemberg\/\" \/>\n<meta property=\"article:modified_time\" content=\"2019-03-27T14:46:22+00:00\" \/>\n<meta property=\"og:image\" content=\"https:\/\/mberg-worklight.com\/wp-content\/uploads\/2018\/07\/Uusi_matala_Mberg_48V_sininen_130px.png\" \/>\n\t<meta property=\"og:image:width\" content=\"130\" \/>\n\t<meta property=\"og:image:height\" content=\"130\" \/>\n\t<meta property=\"og:image:type\" content=\"image\/png\" \/>\n<meta name=\"twitter:card\" content=\"summary_large_image\" \/>\n<meta name=\"twitter:label1\" content=\"Est. tempo de leitura\" \/>\n\t<meta name=\"twitter:data1\" content=\"8 minutos\" \/>\n<script type=\"application\/ld+json\" class=\"yoast-schema-graph\">{\"@context\":\"https:\\\/\\\/schema.org\",\"@graph\":[{\"@type\":\"WebPage\",\"@id\":\"https:\\\/\\\/mberg-worklight.compt-br\\\/iluminacao-para-canteiro-de-obras\\\/\",\"url\":\"https:\\\/\\\/mberg-worklight.compt-br\\\/iluminacao-para-canteiro-de-obras\\\/\",\"name\":\"Ilumina\u00e7\u00e3o para canteiro de obras \u2013 MBerg\",\"isPartOf\":{\"@id\":\"https:\\\/\\\/mberg-worklight.com\\\/#website\"},\"primaryImageOfPage\":{\"@id\":\"https:\\\/\\\/mberg-worklight.compt-br\\\/iluminacao-para-canteiro-de-obras\\\/#primaryimage\"},\"image\":{\"@id\":\"https:\\\/\\\/mberg-worklight.compt-br\\\/iluminacao-para-canteiro-de-obras\\\/#primaryimage\"},\"thumbnailUrl\":\"https:\\\/\\\/mberg-worklight.com\\\/wp-content\\\/uploads\\\/2016\\\/09\\\/0-tyomaavalaisimet.jpg\",\"datePublished\":\"2016-10-24T08:56:53+00:00\",\"dateModified\":\"2019-03-27T14:46:22+00:00\",\"description\":\"Ilumina\u00e7\u00e3o tempor\u00e1ria para canteiros de obras sem preocupa\u00e7\u00e3o e confi\u00e1vel\",\"breadcrumb\":{\"@id\":\"https:\\\/\\\/mberg-worklight.compt-br\\\/iluminacao-para-canteiro-de-obras\\\/#breadcrumb\"},\"inLanguage\":\"pt-BR\",\"potentialAction\":[{\"@type\":\"ReadAction\",\"target\":[\"https:\\\/\\\/mberg-worklight.compt-br\\\/iluminacao-para-canteiro-de-obras\\\/\"]}]},{\"@type\":\"ImageObject\",\"inLanguage\":\"pt-BR\",\"@id\":\"https:\\\/\\\/mberg-worklight.compt-br\\\/iluminacao-para-canteiro-de-obras\\\/#primaryimage\",\"url\":\"https:\\\/\\\/mberg-worklight.com\\\/wp-content\\\/uploads\\\/2016\\\/09\\\/0-tyomaavalaisimet.jpg\",\"contentUrl\":\"https:\\\/\\\/mberg-worklight.com\\\/wp-content\\\/uploads\\\/2016\\\/09\\\/0-tyomaavalaisimet.jpg\",\"width\":3000,\"height\":2000,\"caption\":\"Bridge hospital\"},{\"@type\":\"BreadcrumbList\",\"@id\":\"https:\\\/\\\/mberg-worklight.compt-br\\\/iluminacao-para-canteiro-de-obras\\\/#breadcrumb\",\"itemListElement\":[{\"@type\":\"ListItem\",\"position\":1,\"name\":\"Etusivu\",\"item\":\"https:\\\/\\\/mberg-worklight.compt-br\\\/\"},{\"@type\":\"ListItem\",\"position\":2,\"name\":\"Ilumina\u00e7\u00e3o para canteiro de obras\"}]},{\"@type\":\"WebSite\",\"@id\":\"https:\\\/\\\/mberg-worklight.com\\\/#website\",\"url\":\"https:\\\/\\\/mberg-worklight.com\\\/\",\"name\":\"MBerg\u00ae-worklight (TSR | ELSITE)\",\"description\":\"\",\"potentialAction\":[{\"@type\":\"SearchAction\",\"target\":{\"@type\":\"EntryPoint\",\"urlTemplate\":\"https:\\\/\\\/mberg-worklight.com\\\/?s={search_term_string}\"},\"query-input\":{\"@type\":\"PropertyValueSpecification\",\"valueRequired\":true,\"valueName\":\"search_term_string\"}}],\"inLanguage\":\"pt-BR\"}]}<\/script>\n<!-- \/ Yoast SEO plugin. -->","yoast_head_json":{"title":"Ilumina\u00e7\u00e3o para canteiro de obras \u2013 MBerg","description":"Ilumina\u00e7\u00e3o tempor\u00e1ria para canteiros de obras sem preocupa\u00e7\u00e3o e confi\u00e1vel","robots":{"index":"index","follow":"follow","max-snippet":"max-snippet:-1","max-image-preview":"max-image-preview:large","max-video-preview":"max-video-preview:-1"},"canonical":"https:\/\/mberg-worklight.compt-br\/iluminacao-para-canteiro-de-obras\/","og_locale":"pt_BR","og_type":"article","og_title":"The most robust LED light for construction sites","og_description":"Reliable and robust lights for any construction site","og_url":"https:\/\/mberg-worklight.compt-br\/iluminacao-para-canteiro-de-obras\/","og_site_name":"MBerg\u00ae-worklight (TSR | ELSITE)","article_publisher":"https:\/\/www.facebook.com\/elsitemberg\/","article_modified_time":"2019-03-27T14:46:22+00:00","og_image":[{"width":130,"height":130,"url":"https:\/\/mberg-worklight.com\/wp-content\/uploads\/2018\/07\/Uusi_matala_Mberg_48V_sininen_130px.png","type":"image\/png"}],"twitter_card":"summary_large_image","twitter_misc":{"Est. tempo de leitura":"8 minutos"},"schema":{"@context":"https:\/\/schema.org","@graph":[{"@type":"WebPage","@id":"https:\/\/mberg-worklight.compt-br\/iluminacao-para-canteiro-de-obras\/","url":"https:\/\/mberg-worklight.compt-br\/iluminacao-para-canteiro-de-obras\/","name":"Ilumina\u00e7\u00e3o para canteiro de obras \u2013 MBerg","isPartOf":{"@id":"https:\/\/mberg-worklight.com\/#website"},"primaryImageOfPage":{"@id":"https:\/\/mberg-worklight.compt-br\/iluminacao-para-canteiro-de-obras\/#primaryimage"},"image":{"@id":"https:\/\/mberg-worklight.compt-br\/iluminacao-para-canteiro-de-obras\/#primaryimage"},"thumbnailUrl":"https:\/\/mberg-worklight.com\/wp-content\/uploads\/2016\/09\/0-tyomaavalaisimet.jpg","datePublished":"2016-10-24T08:56:53+00:00","dateModified":"2019-03-27T14:46:22+00:00","description":"Ilumina\u00e7\u00e3o tempor\u00e1ria para canteiros de obras sem preocupa\u00e7\u00e3o e confi\u00e1vel","breadcrumb":{"@id":"https:\/\/mberg-worklight.compt-br\/iluminacao-para-canteiro-de-obras\/#breadcrumb"},"inLanguage":"pt-BR","potentialAction":[{"@type":"ReadAction","target":["https:\/\/mberg-worklight.compt-br\/iluminacao-para-canteiro-de-obras\/"]}]},{"@type":"ImageObject","inLanguage":"pt-BR","@id":"https:\/\/mberg-worklight.compt-br\/iluminacao-para-canteiro-de-obras\/#primaryimage","url":"https:\/\/mberg-worklight.com\/wp-content\/uploads\/2016\/09\/0-tyomaavalaisimet.jpg","contentUrl":"https:\/\/mberg-worklight.com\/wp-content\/uploads\/2016\/09\/0-tyomaavalaisimet.jpg","width":3000,"height":2000,"caption":"Bridge hospital"},{"@type":"BreadcrumbList","@id":"https:\/\/mberg-worklight.compt-br\/iluminacao-para-canteiro-de-obras\/#breadcrumb","itemListElement":[{"@type":"ListItem","position":1,"name":"Etusivu","item":"https:\/\/mberg-worklight.compt-br\/"},{"@type":"ListItem","position":2,"name":"Ilumina\u00e7\u00e3o para canteiro de obras"}]},{"@type":"WebSite","@id":"https:\/\/mberg-worklight.com\/#website","url":"https:\/\/mberg-worklight.com\/","name":"MBerg\u00ae-worklight (TSR | ELSITE)","description":"","potentialAction":[{"@type":"SearchAction","target":{"@type":"EntryPoint","urlTemplate":"https:\/\/mberg-worklight.com\/?s={search_term_string}"},"query-input":{"@type":"PropertyValueSpecification","valueRequired":true,"valueName":"search_term_string"}}],"inLanguage":"pt-BR"}]}},"_links":{"self":[{"href":"https:\/\/mberg-worklight.com\/pt-br\/wp-json\/wp\/v2\/pages\/2402","targetHints":{"allow":["GET"]}}],"collection":[{"href":"https:\/\/mberg-worklight.com\/pt-br\/wp-json\/wp\/v2\/pages"}],"about":[{"href":"https:\/\/mberg-worklight.com\/pt-br\/wp-json\/wp\/v2\/types\/page"}],"author":[{"embeddable":true,"href":"https:\/\/mberg-worklight.com\/pt-br\/wp-json\/wp\/v2\/users\/3"}],"replies":[{"embeddable":true,"href":"https:\/\/mberg-worklight.com\/pt-br\/wp-json\/wp\/v2\/comments?post=2402"}],"version-history":[{"count":11,"href":"https:\/\/mberg-worklight.com\/pt-br\/wp-json\/wp\/v2\/pages\/2402\/revisions"}],"predecessor-version":[{"id":2496,"href":"https:\/\/mberg-worklight.com\/pt-br\/wp-json\/wp\/v2\/pages\/2402\/revisions\/2496"}],"wp:featuredmedia":[{"embeddable":true,"href":"https:\/\/mberg-worklight.com\/pt-br\/wp-json\/wp\/v2\/media\/2404"}],"wp:attachment":[{"href":"https:\/\/mberg-worklight.com\/pt-br\/wp-json\/wp\/v2\/media?parent=2402"}],"curies":[{"name":"wp","href":"https:\/\/api.w.org\/{rel}","templated":true}]}}